{"id":16,"date":"2025-03-14T20:20:58","date_gmt":"2025-03-14T20:20:58","guid":{"rendered":"https:\/\/yclelk.com\/?page_id=16"},"modified":"2025-03-15T17:35:34","modified_gmt":"2025-03-15T17:35:34","slug":"hakkimizda","status":"publish","type":"page","link":"https:\/\/yclelk.com\/?page_id=16","title":{"rendered":"Hakk\u0131m\u0131zda"},"content":{"rendered":"\n<div class=\"wp-block-group alignfull has-global-padding is-layout-constrained wp-container-core-group-is-layout-2 wp-block-group-is-layout-constrained\" style=\"margin-top:0;margin-bottom:0;padding-top:var(--wp--preset--spacing--50);padding-right:var(--wp--preset--spacing--50);padding-bottom:var(--wp--preset--spacing--50);padding-left:var(--wp--preset--spacing--50)\">\n<div class=\"wp-block-columns alignwide is-layout-flex wp-container-core-columns-is-layout-1 wp-block-columns-is-layout-flex\">\n<div class=\"wp-block-column is-vertically-aligned-center is-layout-flow wp-block-column-is-layout-flow\" style=\"flex-basis:60%\">\n<h2 class=\"wp-block-heading\"><strong>Y\u00fccel Elektrik Kimdir?<\/strong><\/h2>\n\n\n\n<div class=\"wp-block-group is-nowrap is-layout-flex wp-container-core-group-is-layout-1 wp-block-group-is-layout-flex\">\n<p>Y\u00fccel Elektrik, 2017 y\u0131l\u0131nda Rafet Y\u00fccel taraf\u0131ndan Isparta&#8217;da kuruldu ve o g\u00fcnden bug\u00fcne sekt\u00f6rde g\u00fcven kazanan bir marka haline geldi. Elektrik sekt\u00f6r\u00fcnde edindi\u011fimiz deneyim ve bilgi birikimi ile her t\u00fcrl\u00fc elektriksel \u00e7\u00f6z\u00fcm\u00fc g\u00fcvenle sunuyoruz. M\u00fc\u015fterilerimizin ihtiya\u00e7lar\u0131na en iyi \u015fekilde cevap verebilmek i\u00e7in her zaman yenilik\u00e7i \u00e7\u00f6z\u00fcmler ar\u0131yoruz.<\/p>\n<\/div>\n<\/div>\n\n\n\n<div class=\"wp-block-column is-vertically-aligned-center is-layout-flow wp-block-column-is-layout-flow\" style=\"flex-basis:40%\">\n<figure class=\"wp-block-image size-full is-style-rounded wp-duotone-duotone-1 is-style-rounded--1\"><img fetchpriority=\"high\" decoding=\"async\" width=\"445\" height=\"137\" src=\"http:\/\/yclelk.com\/wp-content\/uploads\/2025\/03\/Yucel-Elektrik_Logo-Yatay-Saydam-1.png\" alt=\"\" class=\"wp-image-12\" style=\"aspect-ratio:4\/3;object-fit:contain\" srcset=\"https:\/\/yclelk.com\/wp-content\/uploads\/2025\/03\/Yucel-Elektrik_Logo-Yatay-Saydam-1.png 445w, https:\/\/yclelk.com\/wp-content\/uploads\/2025\/03\/Yucel-Elektrik_Logo-Yatay-Saydam-1-300x92.png 300w\" sizes=\"(max-width: 445px) 100vw, 445px\" \/><\/figure>\n<\/div>\n<\/div>\n<\/div>\n\n\n\n<div class=\"wp-block-group alignfull has-global-padding is-layout-constrained wp-container-core-group-is-layout-4 wp-block-group-is-layout-constrained\" style=\"margin-top:0;margin-bottom:0;padding-top:var(--wp--preset--spacing--50);padding-right:var(--wp--preset--spacing--50);padding-bottom:var(--wp--preset--spacing--50);padding-left:var(--wp--preset--spacing--50)\">\n<div class=\"wp-block-group alignwide has-base-2-background-color has-background is-layout-flow wp-block-group-is-layout-flow\" style=\"border-radius:16px;padding-top:var(--wp--preset--spacing--50);padding-right:var(--wp--preset--spacing--50);padding-bottom:var(--wp--preset--spacing--50);padding-left:var(--wp--preset--spacing--50)\">\n<h2 class=\"wp-block-heading has-text-align-center\"><strong><strong>Misyonumuz<\/strong><\/strong><\/h2>\n\n\n\n<p class=\"has-text-align-center\">Y\u00fccel Elektrik olarak misyonumuz, kaliteli ve g\u00fcvenilir elektrik \u00e7\u00f6z\u00fcmleri sunarak, her t\u00fcrl\u00fc elektriksel sorunu h\u0131zla ve etkili bir \u015fekilde \u00e7\u00f6zmektir. M\u00fc\u015fteri memnuniyetini her zaman \u00f6n planda tutarak, teknolojiyi ve yenilik\u00e7i y\u00f6ntemleri i\u015fimize entegre ediyoruz.<\/p>\n\n\n\n<hr class=\"wp-block-separator has-alpha-channel-opacity\"\/>\n\n\n\n<h2 class=\"wp-block-heading has-text-align-center\"><strong><strong><strong>Vizyonumuz<\/strong><\/strong><\/strong><\/h2>\n\n\n\n<p class=\"has-text-align-center\">\u00a0Elektrik sekt\u00f6r\u00fcnde \u00f6nc\u00fc bir firma olmak ve her zaman en kaliteli, en g\u00fcvenli ve en verimli hizmeti sunmak. \u0130nsan sa\u011fl\u0131\u011f\u0131n\u0131 ve g\u00fcvenli\u011fini \u00f6n planda tutarak, her projeyi sorumluluk bilinciyle ger\u00e7ekle\u015ftiriyoruz.<\/p>\n\n\n\n<div style=\"height:var(--wp--preset--spacing--10)\" aria-hidden=\"true\" class=\"wp-block-spacer\"><\/div>\n<\/div>\n<\/div>\n\n\n\n<div class=\"wp-block-group alignfull has-global-padding is-layout-constrained wp-container-core-group-is-layout-8 wp-block-group-is-layout-constrained\" style=\"padding-top:var(--wp--preset--spacing--50);padding-right:var(--wp--preset--spacing--50);padding-bottom:var(--wp--preset--spacing--50);padding-left:var(--wp--preset--spacing--50)\">\n<div class=\"wp-block-columns alignwide is-layout-flex wp-container-core-columns-is-layout-2 wp-block-columns-is-layout-flex\">\n<div class=\"wp-block-column is-layout-flow wp-block-column-is-layout-flow\" style=\"flex-basis:33%\">\n<h2 class=\"wp-block-heading has-text-align-left\"><strong><strong><strong><strong>Hizmetlerimiz<\/strong><\/strong><\/strong><\/strong><\/h2>\n\n\n\n<p class=\"has-text-align-left\">Y\u00fccel Elektrik olarak her zaman m\u00fc\u015fteri memnuniyetini hedef alarak kaliteli hizmetler sunmaya devam ediyoruz.<\/p>\n<\/div>\n\n\n\n<div class=\"wp-block-column is-layout-flow wp-container-core-column-is-layout-4 wp-block-column-is-layout-flow\">\n<div class=\"wp-block-group is-vertical is-layout-flex wp-container-core-group-is-layout-5 wp-block-group-is-layout-flex\" style=\"min-height:0px\">\n<p><strong>Plan, Proje, Taahh\u00fct<\/strong><\/p>\n\n\n\n<p>Elektrik altyap\u0131 projelerinizin t\u00fcm a\u015famalar\u0131n\u0131 profesyonel bir \u015fekilde planl\u0131yor ve uyguluyoruz<\/p>\n<\/div>\n\n\n\n<div class=\"wp-block-group is-vertical is-layout-flex wp-container-core-group-is-layout-6 wp-block-group-is-layout-flex\" style=\"min-height:0px\">\n<p><strong><strong>Toptan ve Perakende Malzeme Sat\u0131\u015f\u0131<\/strong><\/strong><\/p>\n\n\n\n<p>Elektrik malzemeleri konusunda geni\u015f bir \u00fcr\u00fcn yelpazesi sunuyoruz.<\/p>\n<\/div>\n\n\n\n<div class=\"wp-block-group is-vertical is-layout-flex wp-container-core-group-is-layout-7 wp-block-group-is-layout-flex\" style=\"min-height:0px\">\n<p><strong><strong><strong><strong>Elektrik Ar\u0131zas\u0131<\/strong><\/strong><\/strong><\/strong><\/p>\n\n\n\n<p>Ar\u0131zalar\u0131n giderilmesinde h\u0131zl\u0131 ve etkili \u00e7\u00f6z\u00fcmler \u00fcretiyoruz<\/p>\n<\/div>\n<\/div>\n<\/div>\n<\/div>\n\n\n\n<p><\/p>\n","protected":false},"excerpt":{"rendered":"<p>Y\u00fccel Elektrik Kimdir? Y\u00fccel Elektrik, 2017 y\u0131l\u0131nda Rafet Y\u00fccel taraf\u0131ndan Isparta&#8217;da kuruldu ve o g\u00fcnden bug\u00fcne sekt\u00f6rde g\u00fcven kazanan bir marka haline geldi. Elektrik sekt\u00f6r\u00fcnde edindi\u011fimiz deneyim ve bilgi birikimi ile her t\u00fcrl\u00fc elektriksel \u00e7\u00f6z\u00fcm\u00fc g\u00fcvenle sunuyoruz. M\u00fc\u015fterilerimizin ihtiya\u00e7lar\u0131na en iyi \u015fekilde cevap verebilmek i\u00e7in her zaman yenilik\u00e7i \u00e7\u00f6z\u00fcmler ar\u0131yoruz. Misyonumuz Y\u00fccel Elektrik olarak misyonumuz, [&hellip;]<\/p>\n","protected":false},"author":1,"featured_media":0,"parent":0,"menu_order":0,"comment_status":"closed","ping_status":"closed","template":"","meta":{"footnotes":""},"class_list":["post-16","page","type-page","status-publish","hentry"],"_links":{"self":[{"href":"https:\/\/yclelk.com\/index.php?rest_route=\/wp\/v2\/pages\/16","targetHints":{"allow":["GET"]}}],"collection":[{"href":"https:\/\/yclelk.com\/index.php?rest_route=\/wp\/v2\/pages"}],"about":[{"href":"https:\/\/yclelk.com\/index.php?rest_route=\/wp\/v2\/types\/page"}],"author":[{"embeddable":true,"href":"https:\/\/yclelk.com\/index.php?rest_route=\/wp\/v2\/users\/1"}],"replies":[{"embeddable":true,"href":"https:\/\/yclelk.com\/index.php?rest_route=%2Fwp%2Fv2%2Fcomments&post=16"}],"version-history":[{"count":8,"href":"https:\/\/yclelk.com\/index.php?rest_route=\/wp\/v2\/pages\/16\/revisions"}],"predecessor-version":[{"id":105,"href":"https:\/\/yclelk.com\/index.php?rest_route=\/wp\/v2\/pages\/16\/revisions\/105"}],"wp:attachment":[{"href":"https:\/\/yclelk.com\/index.php?rest_route=%2Fwp%2Fv2%2Fmedia&parent=16"}],"curies":[{"name":"wp","href":"https:\/\/api.w.org\/{rel}","templated":true}]}}